{"id":25548,"date":"2024-02-27T00:28:00","date_gmt":"2024-02-26T23:28:00","guid":{"rendered":"http:\/\/feuerwehr-oedheim.de\/?post_type=einsatz&#038;p=25548"},"modified":"2024-08-02T04:13:25","modified_gmt":"2024-08-02T03:13:25","slug":"06-ausgeloeste-brandmeldeanlage","status":"publish","type":"einsatz","link":"https:\/\/feuerwehr-oedheim.de\/index.php\/einsatzberichte\/06-ausgeloeste-brandmeldeanlage\/","title":{"rendered":"06 | Ausgel\u00f6ste Brandmeldeanlage"},"content":{"rendered":"\n<p>Die Feuerwehr Oedheim wurde zu einer ausgel\u00f6sten Brandmeldeanlage in die Asylbewerberunterkunft alarmiert. Ein Ausl\u00f6segrund konnte auf Zigarettenrauch zur\u00fcckgef\u00fchrt werden. Ein Einsatz der Feuerwehr war daher nicht erforderlich. Die Einsatzstelle wurde dem zust\u00e4ndigen Hausmeister und der Polizei \u00fcbergeben. <\/p>\n","protected":false},"author":8,"featured_media":25769,"template":"","meta":{"einsatz_weight":1,"footnotes":""},"categories":[],"tags":[406],"einsatzart":[63],"fahrzeug":[2,3,30],"exteinsatzmittel":[105],"alarmierungsart":[218],"evw_unit":[],"_links":{"self":[{"href":"https:\/\/feuerwehr-oedheim.de\/index.php\/wp-json\/wp\/v2\/einsatz\/25548"}],"collection":[{"href":"https:\/\/feuerwehr-oedheim.de\/index.php\/wp-json\/wp\/v2\/einsatz"}],"about":[{"href":"https:\/\/feuerwehr-oedheim.de\/index.php\/wp-json\/wp\/v2\/types\/einsatz"}],"author":[{"embeddable":true,"href":"https:\/\/feuerwehr-oedheim.de\/index.php\/wp-json\/wp\/v2\/users\/8"}],"version-history":[{"count":1,"href":"https:\/\/feuerwehr-oedheim.de\/index.php\/wp-json\/wp\/v2\/einsatz\/25548\/revisions"}],"predecessor-version":[{"id":25549,"href":"https:\/\/feuerwehr-oedheim.de\/index.php\/wp-json\/wp\/v2\/einsatz\/25548\/revisions\/25549"}],"wp:featuredmedia":[{"embeddable":true,"href":"https:\/\/feuerwehr-oedheim.de\/index.php\/wp-json\/wp\/v2\/media\/25769"}],"wp:attachment":[{"href":"https:\/\/feuerwehr-oedheim.de\/index.php\/wp-json\/wp\/v2\/media?parent=25548"}],"wp:term":[{"taxonomy":"category","embeddable":true,"href":"https:\/\/feuerwehr-oedheim.de\/index.php\/wp-json\/wp\/v2\/categories?post=25548"},{"taxonomy":"post_tag","embeddable":true,"href":"https:\/\/feuerwehr-oedheim.de\/index.php\/wp-json\/wp\/v2\/tags?post=25548"},{"taxonomy":"einsatzart","embeddable":true,"href":"https:\/\/feuerwehr-oedheim.de\/index.php\/wp-json\/wp\/v2\/einsatzart?post=25548"},{"taxonomy":"fahrzeug","embeddable":true,"href":"https:\/\/feuerwehr-oedheim.de\/index.php\/wp-json\/wp\/v2\/fahrzeug?post=25548"},{"taxonomy":"exteinsatzmittel","embeddable":true,"href":"https:\/\/feuerwehr-oedheim.de\/index.php\/wp-json\/wp\/v2\/exteinsatzmittel?post=25548"},{"taxonomy":"alarmierungsart","embeddable":true,"href":"https:\/\/feuerwehr-oedheim.de\/index.php\/wp-json\/wp\/v2\/alarmierungsart?post=25548"},{"taxonomy":"evw_unit","embeddable":true,"href":"https:\/\/feuerwehr-oedheim.de\/index.php\/wp-json\/wp\/v2\/evw_unit?post=25548"}],"curies":[{"name":"wp","href":"https:\/\/api.w.org\/{rel}","templated":true}]}}