{"id":26965,"date":"2026-04-25T08:47:00","date_gmt":"2026-04-25T06:47:00","guid":{"rendered":"https:\/\/feuerwehr-oedheim.de\/?post_type=einsatz&#038;p=26965"},"modified":"2026-04-27T08:40:40","modified_gmt":"2026-04-27T06:40:40","slug":"05-tuere-oeffnen-th","status":"publish","type":"einsatz","link":"https:\/\/feuerwehr-oedheim.de\/index.php\/einsatzberichte\/05-tuere-oeffnen-th\/","title":{"rendered":"05 | T\u00fcre \u00f6ffnen &#8211; Hilfeleistung"},"content":{"rendered":"\n<p>Die Feuerwehr Oedheim wurde zu einer T\u00fcr\u00f6ffnung in das \u00f6rtliche Hallenbad alarmiert. Noch bevor die Feuerwehr ausger\u00fcckt ist kam ein R\u00fcckruf, dass die T\u00fcre bereits ge\u00f6ffnet wurde. Somit wurde der Einsatz f\u00fcr die Feuerwehr abgebrochen. <\/p>\n","protected":false},"author":8,"featured_media":5894,"template":"","meta":{"einsatz_weight":1,"footnotes":""},"categories":[],"tags":[483],"einsatzart":[73],"fahrzeug":[],"exteinsatzmittel":[],"alarmierungsart":[216],"evw_unit":[],"_links":{"self":[{"href":"https:\/\/feuerwehr-oedheim.de\/index.php\/wp-json\/wp\/v2\/einsatz\/26965"}],"collection":[{"href":"https:\/\/feuerwehr-oedheim.de\/index.php\/wp-json\/wp\/v2\/einsatz"}],"about":[{"href":"https:\/\/feuerwehr-oedheim.de\/index.php\/wp-json\/wp\/v2\/types\/einsatz"}],"author":[{"embeddable":true,"href":"https:\/\/feuerwehr-oedheim.de\/index.php\/wp-json\/wp\/v2\/users\/8"}],"version-history":[{"count":2,"href":"https:\/\/feuerwehr-oedheim.de\/index.php\/wp-json\/wp\/v2\/einsatz\/26965\/revisions"}],"predecessor-version":[{"id":26970,"href":"https:\/\/feuerwehr-oedheim.de\/index.php\/wp-json\/wp\/v2\/einsatz\/26965\/revisions\/26970"}],"wp:featuredmedia":[{"embeddable":true,"href":"https:\/\/feuerwehr-oedheim.de\/index.php\/wp-json\/wp\/v2\/media\/5894"}],"wp:attachment":[{"href":"https:\/\/feuerwehr-oedheim.de\/index.php\/wp-json\/wp\/v2\/media?parent=26965"}],"wp:term":[{"taxonomy":"category","embeddable":true,"href":"https:\/\/feuerwehr-oedheim.de\/index.php\/wp-json\/wp\/v2\/categories?post=26965"},{"taxonomy":"post_tag","embeddable":true,"href":"https:\/\/feuerwehr-oedheim.de\/index.php\/wp-json\/wp\/v2\/tags?post=26965"},{"taxonomy":"einsatzart","embeddable":true,"href":"https:\/\/feuerwehr-oedheim.de\/index.php\/wp-json\/wp\/v2\/einsatzart?post=26965"},{"taxonomy":"fahrzeug","embeddable":true,"href":"https:\/\/feuerwehr-oedheim.de\/index.php\/wp-json\/wp\/v2\/fahrzeug?post=26965"},{"taxonomy":"exteinsatzmittel","embeddable":true,"href":"https:\/\/feuerwehr-oedheim.de\/index.php\/wp-json\/wp\/v2\/exteinsatzmittel?post=26965"},{"taxonomy":"alarmierungsart","embeddable":true,"href":"https:\/\/feuerwehr-oedheim.de\/index.php\/wp-json\/wp\/v2\/alarmierungsart?post=26965"},{"taxonomy":"evw_unit","embeddable":true,"href":"https:\/\/feuerwehr-oedheim.de\/index.php\/wp-json\/wp\/v2\/evw_unit?post=26965"}],"curies":[{"name":"wp","href":"https:\/\/api.w.org\/{rel}","templated":true}]}}