{"id":26750,"date":"2025-12-22T12:51:44","date_gmt":"2025-12-22T10:51:44","guid":{"rendered":"https:\/\/feuerwehr-oedheim.de\/?page_id=26750"},"modified":"2026-01-17T13:00:39","modified_gmt":"2026-01-17T11:00:39","slug":"https-feuerwehr-oedheim-de-index-php-unsere-experten-oeffentlichkeitsarbeit","status":"publish","type":"page","link":"https:\/\/feuerwehr-oedheim.de\/index.php\/unsere-experten\/https-feuerwehr-oedheim-de-index-php-unsere-experten-oeffentlichkeitsarbeit\/","title":{"rendered":"\u00d6ffentlichkeitsarbeit"},"content":{"rendered":"\n<p>Das Team \u00d6ffentlichkeitsarbeit der Freiwilligen Feuerwehr Oedheim informiert \u00fcber Eins\u00e4tze, Ausbildung und das ehrenamtliche Engagement unserer Mitglieder. Es st\u00e4rkt das Vertrauen der Bev\u00f6lkerung, f\u00f6rdert das Verst\u00e4ndnis f\u00fcr unsere Aufgaben und unterst\u00fctzt die Gewinnung neuer Mitglieder. Ziel ist es, die Arbeit der Feuerwehr sichtbar zu machen und den Austausch mit der \u00d6ffentlichkeit aktiv zu pflegen.<\/p>\n\n\n\n<hr class=\"wp-block-separator has-alpha-channel-opacity\"\/>\n\n\n\n<h5 class=\"wp-block-heading has-text-align-center\">Ansprechpartner<\/h5>\n\n\n\n<hr class=\"wp-block-separator has-alpha-channel-opacity\"\/>\n\n\n\n<p><\/p>\n\n\n\n<div class=\"wp-block-cover\"><span aria-hidden=\"true\" class=\"wp-block-cover__background has-background-dim-10 has-background-dim\"><\/span><img loading=\"lazy\" decoding=\"async\" width=\"481\" height=\"640\" class=\"wp-block-cover__image-background wp-image-26752\" alt=\"\" src=\"https:\/\/feuerwehr-oedheim.de\/wp-content\/uploads\/2025\/12\/thumbnail_IMG_1266-1.jpg\" style=\"object-position:52% 61%\" data-object-fit=\"cover\" data-object-position=\"52% 61%\" srcset=\"https:\/\/feuerwehr-oedheim.de\/wp-content\/uploads\/2025\/12\/thumbnail_IMG_1266-1.jpg 481w, https:\/\/feuerwehr-oedheim.de\/wp-content\/uploads\/2025\/12\/thumbnail_IMG_1266-1-225x300.jpg 225w, https:\/\/feuerwehr-oedheim.de\/wp-content\/uploads\/2025\/12\/thumbnail_IMG_1266-1-451x600.jpg 451w, https:\/\/feuerwehr-oedheim.de\/wp-content\/uploads\/2025\/12\/thumbnail_IMG_1266-1-120x160.jpg 120w\" sizes=\"(max-width: 481px) 100vw, 481px\" \/><div class=\"wp-block-cover__inner-container is-layout-flow wp-block-cover-is-layout-flow\">\n<p class=\"has-text-align-center has-large-font-size\"><\/p>\n<\/div><\/div>\n\n\n\n<p><strong>Nicole M\u00f6bus<\/strong><\/p>\n\n\n\n<hr class=\"wp-block-separator has-alpha-channel-opacity\"\/>\n\n\n\n<p><\/p>\n\n\n\n<div class=\"wp-block-cover\"><span aria-hidden=\"true\" class=\"wp-block-cover__background has-background-dim-10 has-background-dim\"><\/span><img loading=\"lazy\" decoding=\"async\" width=\"481\" height=\"640\" class=\"wp-block-cover__image-background wp-image-26754\" alt=\"\" src=\"https:\/\/feuerwehr-oedheim.de\/wp-content\/uploads\/2025\/12\/thumbnail_IMG_1249-2.jpg\" style=\"object-position:54% 42%\" data-object-fit=\"cover\" data-object-position=\"54% 42%\" srcset=\"https:\/\/feuerwehr-oedheim.de\/wp-content\/uploads\/2025\/12\/thumbnail_IMG_1249-2.jpg 481w, https:\/\/feuerwehr-oedheim.de\/wp-content\/uploads\/2025\/12\/thumbnail_IMG_1249-2-225x300.jpg 225w, https:\/\/feuerwehr-oedheim.de\/wp-content\/uploads\/2025\/12\/thumbnail_IMG_1249-2-451x600.jpg 451w, https:\/\/feuerwehr-oedheim.de\/wp-content\/uploads\/2025\/12\/thumbnail_IMG_1249-2-120x160.jpg 120w\" sizes=\"(max-width: 481px) 100vw, 481px\" \/><div class=\"wp-block-cover__inner-container is-layout-flow wp-block-cover-is-layout-flow\">\n<p class=\"has-text-align-center has-large-font-size\"><\/p>\n<\/div><\/div>\n\n\n\n<p><strong>Patrick Fiedler<\/strong><\/p>\n\n\n\n<hr class=\"wp-block-separator has-alpha-channel-opacity\"\/>\n\n\n\n<p><\/p>\n\n\n\n<div class=\"wp-block-cover\"><span aria-hidden=\"true\" class=\"wp-block-cover__background has-background-dim-10 has-background-dim\"><\/span><img loading=\"lazy\" decoding=\"async\" width=\"481\" height=\"640\" class=\"wp-block-cover__image-background wp-image-26755\" alt=\"\" src=\"https:\/\/feuerwehr-oedheim.de\/wp-content\/uploads\/2025\/12\/thumbnail_IMG_1399-1.jpg\" style=\"object-position:50% 41%\" data-object-fit=\"cover\" data-object-position=\"50% 41%\" srcset=\"https:\/\/feuerwehr-oedheim.de\/wp-content\/uploads\/2025\/12\/thumbnail_IMG_1399-1.jpg 481w, https:\/\/feuerwehr-oedheim.de\/wp-content\/uploads\/2025\/12\/thumbnail_IMG_1399-1-225x300.jpg 225w, https:\/\/feuerwehr-oedheim.de\/wp-content\/uploads\/2025\/12\/thumbnail_IMG_1399-1-451x600.jpg 451w, https:\/\/feuerwehr-oedheim.de\/wp-content\/uploads\/2025\/12\/thumbnail_IMG_1399-1-120x160.jpg 120w\" sizes=\"(max-width: 481px) 100vw, 481px\" \/><div class=\"wp-block-cover__inner-container is-layout-flow wp-block-cover-is-layout-flow\">\n<p class=\"has-text-align-center has-large-font-size\"><\/p>\n<\/div><\/div>\n\n\n\n<p><strong>Yannick Pilz<\/strong><\/p>\n","protected":false},"excerpt":{"rendered":"<p>Das Team \u00d6ffentlichkeitsarbeit der Freiwilligen Feuerwehr Oedheim informiert \u00fcber Eins\u00e4tze, Ausbildung und das ehrenamtliche Engagement unserer Mitglieder. Es st\u00e4rkt das Vertrauen der Bev\u00f6lkerung, f\u00f6rdert das Verst\u00e4ndnis f\u00fcr unsere Aufgaben und <a class=\"more-link\" href=\"https:\/\/feuerwehr-oedheim.de\/index.php\/unsere-experten\/https-feuerwehr-oedheim-de-index-php-unsere-experten-oeffentlichkeitsarbeit\/\">weiterlesen \u2192<\/a><\/p>\n","protected":false},"author":1,"featured_media":0,"parent":5665,"menu_order":2,"comment_status":"closed","ping_status":"closed","template":"","meta":{"footnotes":""},"_links":{"self":[{"href":"https:\/\/feuerwehr-oedheim.de\/index.php\/wp-json\/wp\/v2\/pages\/26750"}],"collection":[{"href":"https:\/\/feuerwehr-oedheim.de\/index.php\/wp-json\/wp\/v2\/pages"}],"about":[{"href":"https:\/\/feuerwehr-oedheim.de\/index.php\/wp-json\/wp\/v2\/types\/page"}],"author":[{"embeddable":true,"href":"https:\/\/feuerwehr-oedheim.de\/index.php\/wp-json\/wp\/v2\/users\/1"}],"replies":[{"embeddable":true,"href":"https:\/\/feuerwehr-oedheim.de\/index.php\/wp-json\/wp\/v2\/comments?post=26750"}],"version-history":[{"count":11,"href":"https:\/\/feuerwehr-oedheim.de\/index.php\/wp-json\/wp\/v2\/pages\/26750\/revisions"}],"predecessor-version":[{"id":26920,"href":"https:\/\/feuerwehr-oedheim.de\/index.php\/wp-json\/wp\/v2\/pages\/26750\/revisions\/26920"}],"up":[{"embeddable":true,"href":"https:\/\/feuerwehr-oedheim.de\/index.php\/wp-json\/wp\/v2\/pages\/5665"}],"wp:attachment":[{"href":"https:\/\/feuerwehr-oedheim.de\/index.php\/wp-json\/wp\/v2\/media?parent=26750"}],"curies":[{"name":"wp","href":"https:\/\/api.w.org\/{rel}","templated":true}]}}