{"id":5922,"date":"2021-12-30T13:02:15","date_gmt":"2021-12-30T12:02:15","guid":{"rendered":"http:\/\/feuerwehr-oedheim.de\/?page_id=5922"},"modified":"2025-12-22T12:25:03","modified_gmt":"2025-12-22T10:25:03","slug":"unsere-ausschussmitglieder","status":"publish","type":"page","link":"https:\/\/feuerwehr-oedheim.de\/index.php\/unsere-ausschussmitglieder\/","title":{"rendered":"Unsere Ausschussmitglieder"},"content":{"rendered":"<div id=\"pl-gb5922-69f7204e44899\"  class=\"panel-layout wp-block-siteorigin-panels-layout-block\" ><div id=\"pg-gb5922-69f7204e44899-0\"  class=\"panel-grid panel-no-style\" ><div id=\"pgc-gb5922-69f7204e44899-0-0\"  class=\"panel-grid-cell\" ><div id=\"panel-gb5922-69f7204e44899-0-0-0\" class=\"so-panel widget widget_sow-editor panel-first-child panel-last-child\" data-index=\"0\" ><div\n\t\t\t\n\t\t\tclass=\"so-widget-sow-editor so-widget-sow-editor-base\"\n\t\t\t\n\t\t>\n<div class=\"siteorigin-widget-tinymce textwidget\">\n\t<p style=\"text-align: center;\">Kassier<\/p>\n<p style=\"text-align: center;\"><span style=\"color: #ff0000;\"><em><strong>Erich Sch\u00e4ffner<\/strong><\/em><\/span><br \/>\n<a href=\"https:\/\/feuerwehr-oedheim.de\/wp-content\/uploads\/2025\/12\/thumbnail_IMG_1269.jpg\" data-src=\"https:\/\/feuerwehr-oedheim.de\/wp-content\/uploads\/2025\/12\/thumbnail_IMG_1269.jpg\" data-thumb=\"https:\/\/feuerwehr-oedheim.de\/wp-content\/uploads\/2025\/12\/thumbnail_IMG_1269-225x300.jpg\" class=\"ml-lightbox-enabled\"><img loading=\"lazy\" decoding=\"async\" class=\"wp-image-26711 size-medium aligncenter\" src=\"https:\/\/feuerwehr-oedheim.de\/wp-content\/uploads\/2025\/12\/thumbnail_IMG_1269-225x300.jpg\" alt=\"\" width=\"225\" height=\"300\" srcset=\"https:\/\/feuerwehr-oedheim.de\/wp-content\/uploads\/2025\/12\/thumbnail_IMG_1269-225x300.jpg 225w, https:\/\/feuerwehr-oedheim.de\/wp-content\/uploads\/2025\/12\/thumbnail_IMG_1269-451x600.jpg 451w, https:\/\/feuerwehr-oedheim.de\/wp-content\/uploads\/2025\/12\/thumbnail_IMG_1269-120x160.jpg 120w, https:\/\/feuerwehr-oedheim.de\/wp-content\/uploads\/2025\/12\/thumbnail_IMG_1269.jpg 481w\" sizes=\"(max-width: 225px) 100vw, 225px\" \/><\/a><\/p>\n<\/div>\n<\/div><\/div><\/div><div id=\"pgc-gb5922-69f7204e44899-0-1\"  class=\"panel-grid-cell\" ><div id=\"panel-gb5922-69f7204e44899-0-1-0\" class=\"so-panel widget widget_sow-editor panel-first-child panel-last-child\" data-index=\"1\" ><div\n\t\t\t\n\t\t\tclass=\"so-widget-sow-editor so-widget-sow-editor-base\"\n\t\t\t\n\t\t>\n<div class=\"siteorigin-widget-tinymce textwidget\">\n\t<p style=\"text-align: center;\">Schriftf\u00fchrerin<\/p>\n<p style=\"text-align: center;\"><span style=\"color: #ff0000;\"><em><strong>Nicole M\u00f6bus<\/strong><\/em><\/span><br \/>\n<a href=\"https:\/\/feuerwehr-oedheim.de\/wp-content\/uploads\/2025\/12\/thumbnail_IMG_1266.jpg\" data-src=\"https:\/\/feuerwehr-oedheim.de\/wp-content\/uploads\/2025\/12\/thumbnail_IMG_1266.jpg\" data-thumb=\"https:\/\/feuerwehr-oedheim.de\/wp-content\/uploads\/2025\/12\/thumbnail_IMG_1266-225x300.jpg\" class=\"ml-lightbox-enabled\"><img loading=\"lazy\" decoding=\"async\" class=\"wp-image-26712 size-medium aligncenter\" src=\"https:\/\/feuerwehr-oedheim.de\/wp-content\/uploads\/2025\/12\/thumbnail_IMG_1266-225x300.jpg\" alt=\"\" width=\"225\" height=\"300\" srcset=\"https:\/\/feuerwehr-oedheim.de\/wp-content\/uploads\/2025\/12\/thumbnail_IMG_1266-225x300.jpg 225w, https:\/\/feuerwehr-oedheim.de\/wp-content\/uploads\/2025\/12\/thumbnail_IMG_1266-451x600.jpg 451w, https:\/\/feuerwehr-oedheim.de\/wp-content\/uploads\/2025\/12\/thumbnail_IMG_1266-120x160.jpg 120w, https:\/\/feuerwehr-oedheim.de\/wp-content\/uploads\/2025\/12\/thumbnail_IMG_1266.jpg 481w\" sizes=\"(max-width: 225px) 100vw, 225px\" \/><\/a><\/p>\n<\/div>\n<\/div><\/div><\/div><\/div><div id=\"pg-gb5922-69f7204e44899-1\"  class=\"panel-grid panel-no-style\" ><div id=\"pgc-gb5922-69f7204e44899-1-0\"  class=\"panel-grid-cell\" ><div id=\"panel-gb5922-69f7204e44899-1-0-0\" class=\"so-panel widget widget_sow-editor panel-first-child panel-last-child\" data-index=\"2\" ><div\n\t\t\t\n\t\t\tclass=\"so-widget-sow-editor so-widget-sow-editor-base\"\n\t\t\t\n\t\t>\n<div class=\"siteorigin-widget-tinymce textwidget\">\n\t<p style=\"text-align: center;\">Mitglied der Mannschaft<\/p>\n<p style=\"text-align: center;\"><span style=\"color: #ff0000;\"><em><strong>Robert Schirmer<\/strong><\/em><\/span><br \/>\n<a href=\"https:\/\/feuerwehr-oedheim.de\/wp-content\/uploads\/2025\/12\/IMG_1419.jpeg\" data-src=\"https:\/\/feuerwehr-oedheim.de\/wp-content\/uploads\/2025\/12\/IMG_1419.jpeg\" data-thumb=\"https:\/\/feuerwehr-oedheim.de\/wp-content\/uploads\/2025\/12\/IMG_1419-225x300.jpeg\" class=\"ml-lightbox-enabled\"><img loading=\"lazy\" decoding=\"async\" class=\"wp-image-26714 size-medium aligncenter\" src=\"https:\/\/feuerwehr-oedheim.de\/wp-content\/uploads\/2025\/12\/IMG_1419-225x300.jpeg\" alt=\"\" width=\"225\" height=\"300\" srcset=\"https:\/\/feuerwehr-oedheim.de\/wp-content\/uploads\/2025\/12\/IMG_1419-225x300.jpeg 225w, https:\/\/feuerwehr-oedheim.de\/wp-content\/uploads\/2025\/12\/IMG_1419-450x600.jpeg 450w, https:\/\/feuerwehr-oedheim.de\/wp-content\/uploads\/2025\/12\/IMG_1419-120x160.jpeg 120w, https:\/\/feuerwehr-oedheim.de\/wp-content\/uploads\/2025\/12\/IMG_1419.jpeg 480w\" sizes=\"(max-width: 225px) 100vw, 225px\" \/><\/a><\/p>\n<\/div>\n<\/div><\/div><\/div><div id=\"pgc-gb5922-69f7204e44899-1-1\"  class=\"panel-grid-cell\" ><div id=\"panel-gb5922-69f7204e44899-1-1-0\" class=\"so-panel widget widget_sow-editor panel-first-child panel-last-child\" data-index=\"3\" ><div\n\t\t\t\n\t\t\tclass=\"so-widget-sow-editor so-widget-sow-editor-base\"\n\t\t\t\n\t\t>\n<div class=\"siteorigin-widget-tinymce textwidget\">\n\t<p style=\"text-align: center;\">Mitglied der Mannschaft<\/p>\n<p style=\"text-align: center;\"><span style=\"color: #ff0000;\"><em><strong>Ren\u00e9 Speckmaier<\/strong><\/em><\/span><br \/>\n<a href=\"https:\/\/feuerwehr-oedheim.de\/wp-content\/uploads\/2025\/12\/IMG_1415.jpeg\" data-src=\"https:\/\/feuerwehr-oedheim.de\/wp-content\/uploads\/2025\/12\/IMG_1415.jpeg\" data-thumb=\"https:\/\/feuerwehr-oedheim.de\/wp-content\/uploads\/2025\/12\/IMG_1415-225x300.jpeg\" class=\"ml-lightbox-enabled\"><img loading=\"lazy\" decoding=\"async\" class=\"wp-image-26715 size-medium aligncenter\" src=\"https:\/\/feuerwehr-oedheim.de\/wp-content\/uploads\/2025\/12\/IMG_1415-225x300.jpeg\" alt=\"\" width=\"225\" height=\"300\" srcset=\"https:\/\/feuerwehr-oedheim.de\/wp-content\/uploads\/2025\/12\/IMG_1415-225x300.jpeg 225w, https:\/\/feuerwehr-oedheim.de\/wp-content\/uploads\/2025\/12\/IMG_1415-450x600.jpeg 450w, https:\/\/feuerwehr-oedheim.de\/wp-content\/uploads\/2025\/12\/IMG_1415-120x160.jpeg 120w, https:\/\/feuerwehr-oedheim.de\/wp-content\/uploads\/2025\/12\/IMG_1415.jpeg 480w\" sizes=\"(max-width: 225px) 100vw, 225px\" \/><\/a><\/p>\n<\/div>\n<\/div><\/div><\/div><div id=\"pgc-gb5922-69f7204e44899-1-2\"  class=\"panel-grid-cell\" ><div id=\"panel-gb5922-69f7204e44899-1-2-0\" class=\"so-panel widget widget_sow-editor panel-first-child panel-last-child\" data-index=\"4\" ><div\n\t\t\t\n\t\t\tclass=\"so-widget-sow-editor so-widget-sow-editor-base\"\n\t\t\t\n\t\t>\n<div class=\"siteorigin-widget-tinymce textwidget\">\n\t<p style=\"text-align: center;\">Mitglied der Mannschaft<\/p>\n<p style=\"text-align: center;\"><span style=\"color: #ff0000;\"><em><strong>Stefan Seel<\/strong><\/em><\/span><br \/>\n<a href=\"https:\/\/feuerwehr-oedheim.de\/wp-content\/uploads\/2025\/12\/thumbnail_IMG_1337.jpg\" data-src=\"https:\/\/feuerwehr-oedheim.de\/wp-content\/uploads\/2025\/12\/thumbnail_IMG_1337.jpg\" data-thumb=\"https:\/\/feuerwehr-oedheim.de\/wp-content\/uploads\/2025\/12\/thumbnail_IMG_1337-225x300.jpg\" class=\"ml-lightbox-enabled\"><img loading=\"lazy\" decoding=\"async\" class=\"wp-image-26716 size-medium aligncenter\" src=\"https:\/\/feuerwehr-oedheim.de\/wp-content\/uploads\/2025\/12\/thumbnail_IMG_1337-225x300.jpg\" alt=\"\" width=\"225\" height=\"300\" srcset=\"https:\/\/feuerwehr-oedheim.de\/wp-content\/uploads\/2025\/12\/thumbnail_IMG_1337-225x300.jpg 225w, https:\/\/feuerwehr-oedheim.de\/wp-content\/uploads\/2025\/12\/thumbnail_IMG_1337-451x600.jpg 451w, https:\/\/feuerwehr-oedheim.de\/wp-content\/uploads\/2025\/12\/thumbnail_IMG_1337-120x160.jpg 120w, https:\/\/feuerwehr-oedheim.de\/wp-content\/uploads\/2025\/12\/thumbnail_IMG_1337.jpg 481w\" sizes=\"(max-width: 225px) 100vw, 225px\" \/><\/a><\/p>\n<\/div>\n<\/div><\/div><\/div><\/div><\/div>\n\n\n<p><\/p>\n","protected":false},"excerpt":{"rendered":"<p>Kassier Erich Sch\u00e4ffner Schriftf\u00fchrerin Nicole M\u00f6bus Mitglied der Mannschaft Robert Schirmer Mitglied der Mannschaft Ren\u00e9 Speckmaier Mitglied der Mannschaft Stefan Seel<\/p>\n","protected":false},"author":3,"featured_media":0,"parent":0,"menu_order":0,"comment_status":"closed","ping_status":"closed","template":"","meta":{"footnotes":""},"_links":{"self":[{"href":"https:\/\/feuerwehr-oedheim.de\/index.php\/wp-json\/wp\/v2\/pages\/5922"}],"collection":[{"href":"https:\/\/feuerwehr-oedheim.de\/index.php\/wp-json\/wp\/v2\/pages"}],"about":[{"href":"https:\/\/feuerwehr-oedheim.de\/index.php\/wp-json\/wp\/v2\/types\/page"}],"author":[{"embeddable":true,"href":"https:\/\/feuerwehr-oedheim.de\/index.php\/wp-json\/wp\/v2\/users\/3"}],"replies":[{"embeddable":true,"href":"https:\/\/feuerwehr-oedheim.de\/index.php\/wp-json\/wp\/v2\/comments?post=5922"}],"version-history":[{"count":14,"href":"https:\/\/feuerwehr-oedheim.de\/index.php\/wp-json\/wp\/v2\/pages\/5922\/revisions"}],"predecessor-version":[{"id":26717,"href":"https:\/\/feuerwehr-oedheim.de\/index.php\/wp-json\/wp\/v2\/pages\/5922\/revisions\/26717"}],"wp:attachment":[{"href":"https:\/\/feuerwehr-oedheim.de\/index.php\/wp-json\/wp\/v2\/media?parent=5922"}],"curies":[{"name":"wp","href":"https:\/\/api.w.org\/{rel}","templated":true}]}}